{"id":8,"date":"2021-02-08T19:48:57","date_gmt":"2021-02-08T22:48:57","guid":{"rendered":"http:\/\/67.23.238.17\/~ppghsuerjpro\/novo\/?page_id=8"},"modified":"2022-12-02T11:57:56","modified_gmt":"2022-12-02T14:57:56","slug":"departamento-de-ciencias-humanas","status":"publish","type":"page","link":"https:\/\/www.ppghsuerj.pro.br\/en\/departamento-de-ciencias-humanas\/","title":{"rendered":"Departamento de <b>Ci\u00eancias Humanas<\/b>"},"content":{"rendered":"<p>Em 1973, a Faculdade de Forma\u00e7\u00e3o de Professores, ent\u00e3o abrigada no Centro de Treinamento de Professores do Estado do Rio de Janeiro, oferecia o Curso de Licenciatura em Estudos Sociais, que, posteriormente, deu lugar \u00e0s Licenciaturas Plenas de Hist\u00f3ria e Geografia, e aos Departamentos de Geografia e Ci\u00eancias Humanas, este \u00faltimo respons\u00e1vel pela coordena\u00e7\u00e3o do Curso de Hist\u00f3ria. Em 1991, ano em que a Faculdade se incorporou \u00e0 Universidade do Estado do Rio de Janeiro, foi implantado o curr\u00edculo da gradua\u00e7\u00e3o em Hist\u00f3ria. A partir de 2005, tivemos a implanta\u00e7\u00e3o do novo curr\u00edculo vigente. O curso pode ser completado no m\u00ednimo em 4 anos e, no m\u00e1ximo, em 7, funcionando nos turnos Tarde e Noite. Est\u00e1 estruturado em regime de cr\u00e9ditos, por semestre, constando do total de 196 cr\u00e9ditos, sendo 168 obrigat\u00f3rios, entre disciplinas te\u00f3ricas e pr\u00e1ticas, e 28 eletivos, entre restritas e universais. S\u00e3o oferecidas 40 vagas por semestre no vestibular, totalizando 80 vagas. Em 1997, a rela\u00e7\u00e3o candidato-vaga para o curso de Licenciatura em Hist\u00f3ria era de 2,84 candidatos; em 2000, a rela\u00e7\u00e3o foi de 9 candidatos para cada vaga. Em 2010, 232 candidatos disputaram 80 vagas. O curso, atualmente, tem em torno de 430 alunos matriculados.<\/p>\n<p>O corpo docente do Departamento de Ci\u00eancias Humanas comp\u00f5e-se de 17 professores efetivos, 16 dos quais em regime de 40 horas. A partir de 1993, o quadro de docentes vem se renovando, em fun\u00e7\u00e3o dos concursos p\u00fablicos realizados, mas conta tamb\u00e9m com um n\u00famero vari\u00e1vel de professores substitutos e ainda possuiu dois professores visitantes, incorporados em fevereiro de 2010.<\/p>\n<p>Os professores pertencentes ao Departamento de Ci\u00eancias Humanas desenvolvem atividades tamb\u00e9m no \u00e2mbito de pesquisa e extens\u00e3o. Os v\u00e1rios projetos t\u00eam sido desenvolvidos atrav\u00e9s do apoio institucional expresso, sobretudo, mediante bolsas e financiamentos concedidos pela pr\u00f3pria UERJ, pelo CNPq e pela FAPERJ. As atividades de pesquisa procuram relacionar tem\u00e1ticas e conjuntos de quest\u00f5es que t\u00eam despertado tanto a curiosidade e d\u00favidas dos alunos quanto do campo acad\u00eamico, mostrando o desenvolvimento de um processo permanente de atualiza\u00e7\u00e3o do discurso cient\u00edfico.<\/p>\n<p>&nbsp;<\/p>\n<p>Em 1998, a Delibera\u00e7\u00e3o 04\/97 da Reitoria aprovou o Curso de Especializa\u00e7\u00e3o em Hist\u00f3ria do Brasil (P\u00f3s-Gradua\u00e7\u00e3o Lato Sensu), tendo como clientela professores do ensino fundamental e m\u00e9dio que buscam retomar o contato com a universidade e professores rec\u00e9m formados que objetivam um aprofundamento de sua forma\u00e7\u00e3o. Este curso, no entanto, est\u00e1 suspenso desde 2005.<\/p>\n<p>&nbsp;<\/p>\n<p>Em 2006, o Minist\u00e9rio da Educa\u00e7\u00e3o aprovou a proposta do Departamento de Ci\u00eancias Humanas para a cria\u00e7\u00e3o de um Programa de P\u00f3s-gradua\u00e7\u00e3o em Hist\u00f3ria Social, recomendado pela CAPES com nota 3, que at\u00e9 ent\u00e3o vem tendo grande procura por parte dos graduados em Hist\u00f3ria e algumas \u00e1reas afins.<\/p>\n<p>Finalmente, em fins de 2007, o DCH teve aprovada a Especializa\u00e7\u00e3o em Gest\u00e3o Penitenci\u00e1ria, em parceria com a Secretaria de Estado de Administra\u00e7\u00e3o Penitenci\u00e1ria e a Escola de Gest\u00e3o Penitenci\u00e1ria, sendo curso pioneiro no Estado do Rio de Janeiro por estar inserido numa perspectiva de forma\u00e7\u00e3o cr\u00edtica do profissional vinculado ao sistema prisional, tendo como refer\u00eancia as diretrizes do DEPEN (Departamento Penitenci\u00e1rio Nacional) e do Minist\u00e9rio da Justi\u00e7a.<\/p>\n<p><span class=\"txt-vermelho\">Chefia:<\/span>\u00a0Maria Aparecida da Silva Cabral<br \/>\n<span class=\"txt-vermelho\">Sub-chefia:<\/span>\u00a0Ana Maria Santiago<br \/>\n<strong>Coordena\u00e7\u00e3o de Gradua\u00e7\u00e3o<\/strong>: Ana Paula Barcelos Ribeiro da Silva<br \/>\n<strong>Secretaria<\/strong>: Gilson Mamede de Souza Rodrigues<\/p>\n<p><span class=\"txt-vermelho\">Coordena\u00e7\u00e3o da P\u00f3s Gradua\u00e7\u00e3o strito sensu \u2013 Mestrado:<\/span>\u00a0Luis Reznik<br \/>\n<span class=\"txt-vermelho\">Coordena\u00e7\u00e3o Adjunta:<\/span>\u00a0Helenice Rocha<br \/>\n<strong>Secretaria<\/strong>: Andr\u00e9ia Cabral dos Santos Guimar\u00e3es<\/p>\n<p><strong><span class=\"txt-vermelho\">Coordena\u00e7\u00e3o\u00a0<\/span>do Profhist\u00f3ria &#8211; Mestrado Profissional em Ensino de Hist\u00f3ria na FFP<\/strong>:\u00a0Helenice Rocha<br \/>\n<span class=\"txt-vermelho\"><strong>Coordena\u00e7\u00e3o<\/strong>\u00a0<strong>Adjunta<\/strong>:<\/span>\u00a0Carina Martins<\/p>\n<p><strong>Secretaria<\/strong>:<br \/>\n<span class=\"txt-vermelho\">Endere\u00e7o:<\/span>\u00a0Rua Francisco Portela 1470, Patronato &#8211; S\u00e3o Gon\u00e7alo\/RJ<br \/>\n<span class=\"txt-vermelho\">Cep:<\/span>\u00a024435-000<br \/>\n<span class=\"txt-vermelho\">Telefone:<\/span>\u00a0(021) 3705-2227<br \/>\n<span class=\"txt-vermelho\">E-mails:<\/span> dch.uerj@gmail.com\u00a0mestrado.ffp.uerj@gmail.com<\/p>","protected":false},"excerpt":{"rendered":"<p>Em 1973, a Faculdade de Forma\u00e7\u00e3o de Professores, ent\u00e3o abrigada no Centro de Treinamento de Professores do Estado do Rio de Janeiro, oferecia o Curso de Licenciatura em Estudos Sociais, que, posteriormente, deu lugar \u00e0s Licenciaturas Plenas de Hist\u00f3ria e Geografia, e aos Departamentos de Geografia e Ci\u00eancias Humanas, este \u00faltimo respons\u00e1vel pela coordena\u00e7\u00e3o do &hellip; <a href=\"https:\/\/www.ppghsuerj.pro.br\/en\/departamento-de-ciencias-humanas\/\" class=\"more-link\">Continue reading <span class=\"screen-reader-text\">Departamento de <b>Ci\u00eancias Humanas<\/b><\/span><\/a><\/p>\n","protected":false},"author":1,"featured_media":0,"parent":0,"menu_order":0,"comment_status":"closed","ping_status":"closed","template":"","meta":{"_acf_changed":false,"footnotes":""},"class_list":["post-8","page","type-page","status-publish","hentry"],"acf":[],"yoast_head":"<!-- This site is optimized with the Yoast SEO plugin v26.9 - https:\/\/yoast.com\/product\/yoast-seo-wordpress\/ -->\n<title>Departamento de Ci\u00eancias Humanas - Portal da \u00c1rea da Hist\u00f3ria da FFP\/UERJ<\/title>\n<meta name=\"robots\" content=\"index, follow, max-snippet:-1, max-image-preview:large, max-video-preview:-1\" \/>\n<link rel=\"canonical\" href=\"https:\/\/www.ppghsuerj.pro.br\/departamento-de-ciencias-humanas\/\" \/>\n<meta property=\"og:locale\" content=\"en_US\" \/>\n<meta property=\"og:type\" content=\"article\" \/>\n<meta property=\"og:title\" content=\"Departamento de Ci\u00eancias Humanas - Portal da \u00c1rea da Hist\u00f3ria da FFP\/UERJ\" \/>\n<meta property=\"og:description\" content=\"Em 1973, a Faculdade de Forma\u00e7\u00e3o de Professores, ent\u00e3o abrigada no Centro de Treinamento de Professores do Estado do Rio de Janeiro, oferecia o Curso de Licenciatura em Estudos Sociais, que, posteriormente, deu lugar \u00e0s Licenciaturas Plenas de Hist\u00f3ria e Geografia, e aos Departamentos de Geografia e Ci\u00eancias Humanas, este \u00faltimo respons\u00e1vel pela coordena\u00e7\u00e3o do &hellip; Continue reading Departamento de Ci\u00eancias Humanas\" \/>\n<meta property=\"og:url\" content=\"https:\/\/www.ppghsuerj.pro.br\/departamento-de-ciencias-humanas\/\" \/>\n<meta property=\"og:site_name\" content=\"Portal da \u00c1rea da Hist\u00f3ria da FFP\/UERJ\" \/>\n<meta property=\"article:modified_time\" content=\"2022-12-02T14:57:56+00:00\" \/>\n<meta name=\"twitter:card\" content=\"summary_large_image\" \/>\n<meta name=\"twitter:label1\" content=\"Est. reading time\" \/>\n\t<meta name=\"twitter:data1\" content=\"3 minutes\" \/>\n<script type=\"application\/ld+json\" class=\"yoast-schema-graph\">{\"@context\":\"https:\/\/schema.org\",\"@graph\":[{\"@type\":\"WebPage\",\"@id\":\"https:\/\/www.ppghsuerj.pro.br\/departamento-de-ciencias-humanas\/\",\"url\":\"https:\/\/www.ppghsuerj.pro.br\/departamento-de-ciencias-humanas\/\",\"name\":\"Departamento de Ci\u00eancias Humanas - Portal da \u00c1rea da Hist\u00f3ria da FFP\/UERJ\",\"isPartOf\":{\"@id\":\"https:\/\/www.ppghsuerj.pro.br\/#website\"},\"datePublished\":\"2021-02-08T22:48:57+00:00\",\"dateModified\":\"2022-12-02T14:57:56+00:00\",\"breadcrumb\":{\"@id\":\"https:\/\/www.ppghsuerj.pro.br\/departamento-de-ciencias-humanas\/#breadcrumb\"},\"inLanguage\":\"en-US\",\"potentialAction\":[{\"@type\":\"ReadAction\",\"target\":[\"https:\/\/www.ppghsuerj.pro.br\/departamento-de-ciencias-humanas\/\"]}]},{\"@type\":\"BreadcrumbList\",\"@id\":\"https:\/\/www.ppghsuerj.pro.br\/departamento-de-ciencias-humanas\/#breadcrumb\",\"itemListElement\":[{\"@type\":\"ListItem\",\"position\":1,\"name\":\"In\u00edcio\",\"item\":\"https:\/\/www.ppghsuerj.pro.br\/\"},{\"@type\":\"ListItem\",\"position\":2,\"name\":\"Departamento de Ci\u00eancias Humanas\"}]},{\"@type\":\"WebSite\",\"@id\":\"https:\/\/www.ppghsuerj.pro.br\/#website\",\"url\":\"https:\/\/www.ppghsuerj.pro.br\/\",\"name\":\"Portal da \u00c1rea da Hist\u00f3ria da FFP\/UERJ\",\"description\":\"\",\"potentialAction\":[{\"@type\":\"SearchAction\",\"target\":{\"@type\":\"EntryPoint\",\"urlTemplate\":\"https:\/\/www.ppghsuerj.pro.br\/?s={search_term_string}\"},\"query-input\":{\"@type\":\"PropertyValueSpecification\",\"valueRequired\":true,\"valueName\":\"search_term_string\"}}],\"inLanguage\":\"en-US\"}]}<\/script>\n<!-- \/ Yoast SEO plugin. -->","yoast_head_json":{"title":"Departamento de Ci\u00eancias Humanas - Portal da \u00c1rea da Hist\u00f3ria da FFP\/UERJ","robots":{"index":"index","follow":"follow","max-snippet":"max-snippet:-1","max-image-preview":"max-image-preview:large","max-video-preview":"max-video-preview:-1"},"canonical":"https:\/\/www.ppghsuerj.pro.br\/departamento-de-ciencias-humanas\/","og_locale":"en_US","og_type":"article","og_title":"Departamento de Ci\u00eancias Humanas - Portal da \u00c1rea da Hist\u00f3ria da FFP\/UERJ","og_description":"Em 1973, a Faculdade de Forma\u00e7\u00e3o de Professores, ent\u00e3o abrigada no Centro de Treinamento de Professores do Estado do Rio de Janeiro, oferecia o Curso de Licenciatura em Estudos Sociais, que, posteriormente, deu lugar \u00e0s Licenciaturas Plenas de Hist\u00f3ria e Geografia, e aos Departamentos de Geografia e Ci\u00eancias Humanas, este \u00faltimo respons\u00e1vel pela coordena\u00e7\u00e3o do &hellip; Continue reading Departamento de Ci\u00eancias Humanas","og_url":"https:\/\/www.ppghsuerj.pro.br\/departamento-de-ciencias-humanas\/","og_site_name":"Portal da \u00c1rea da Hist\u00f3ria da FFP\/UERJ","article_modified_time":"2022-12-02T14:57:56+00:00","twitter_card":"summary_large_image","twitter_misc":{"Est. reading time":"3 minutes"},"schema":{"@context":"https:\/\/schema.org","@graph":[{"@type":"WebPage","@id":"https:\/\/www.ppghsuerj.pro.br\/departamento-de-ciencias-humanas\/","url":"https:\/\/www.ppghsuerj.pro.br\/departamento-de-ciencias-humanas\/","name":"Departamento de Ci\u00eancias Humanas - Portal da \u00c1rea da Hist\u00f3ria da FFP\/UERJ","isPartOf":{"@id":"https:\/\/www.ppghsuerj.pro.br\/#website"},"datePublished":"2021-02-08T22:48:57+00:00","dateModified":"2022-12-02T14:57:56+00:00","breadcrumb":{"@id":"https:\/\/www.ppghsuerj.pro.br\/departamento-de-ciencias-humanas\/#breadcrumb"},"inLanguage":"en-US","potentialAction":[{"@type":"ReadAction","target":["https:\/\/www.ppghsuerj.pro.br\/departamento-de-ciencias-humanas\/"]}]},{"@type":"BreadcrumbList","@id":"https:\/\/www.ppghsuerj.pro.br\/departamento-de-ciencias-humanas\/#breadcrumb","itemListElement":[{"@type":"ListItem","position":1,"name":"In\u00edcio","item":"https:\/\/www.ppghsuerj.pro.br\/"},{"@type":"ListItem","position":2,"name":"Departamento de Ci\u00eancias Humanas"}]},{"@type":"WebSite","@id":"https:\/\/www.ppghsuerj.pro.br\/#website","url":"https:\/\/www.ppghsuerj.pro.br\/","name":"Portal da \u00c1rea da Hist\u00f3ria da FFP\/UERJ","description":"","potentialAction":[{"@type":"SearchAction","target":{"@type":"EntryPoint","urlTemplate":"https:\/\/www.ppghsuerj.pro.br\/?s={search_term_string}"},"query-input":{"@type":"PropertyValueSpecification","valueRequired":true,"valueName":"search_term_string"}}],"inLanguage":"en-US"}]}},"_links":{"self":[{"href":"https:\/\/www.ppghsuerj.pro.br\/en\/wp-json\/wp\/v2\/pages\/8","targetHints":{"allow":["GET"]}}],"collection":[{"href":"https:\/\/www.ppghsuerj.pro.br\/en\/wp-json\/wp\/v2\/pages"}],"about":[{"href":"https:\/\/www.ppghsuerj.pro.br\/en\/wp-json\/wp\/v2\/types\/page"}],"author":[{"embeddable":true,"href":"https:\/\/www.ppghsuerj.pro.br\/en\/wp-json\/wp\/v2\/users\/1"}],"replies":[{"embeddable":true,"href":"https:\/\/www.ppghsuerj.pro.br\/en\/wp-json\/wp\/v2\/comments?post=8"}],"version-history":[{"count":7,"href":"https:\/\/www.ppghsuerj.pro.br\/en\/wp-json\/wp\/v2\/pages\/8\/revisions"}],"predecessor-version":[{"id":1311,"href":"https:\/\/www.ppghsuerj.pro.br\/en\/wp-json\/wp\/v2\/pages\/8\/revisions\/1311"}],"wp:attachment":[{"href":"https:\/\/www.ppghsuerj.pro.br\/en\/wp-json\/wp\/v2\/media?parent=8"}],"curies":[{"name":"wp","href":"https:\/\/api.w.org\/{rel}","templated":true}]}}